{"id":2350,"date":"2023-08-22T13:35:32","date_gmt":"2023-08-22T13:35:32","guid":{"rendered":"http:\/\/www.fundaciopimec.org\/que-hacemos\/solidaridad-empresarial\/"},"modified":"2023-12-22T10:40:41","modified_gmt":"2023-12-22T10:40:41","slug":"solidaridad-empresarial","status":"publish","type":"page","link":"https:\/\/www.fundaciopimec.org\/es\/que-hacemos\/solidaridad-empresarial\/","title":{"rendered":"Solidaridad empresarial"},"content":{"rendered":"\n<div class=\"wp-block-columns is-layout-flex wp-container-core-columns-is-layout-1 wp-block-columns-is-layout-flex\">\n<div class=\"wp-block-column is-layout-flow wp-block-column-is-layout-flow\" style=\"flex-basis:100%\">\n<figure class=\"wp-block-image is-resized\"><img loading=\"lazy\" decoding=\"async\" width=\"840\" height=\"463\" src=\"http:\/\/www.fundaciopimec.org\/wp-content\/uploads\/pexels-photo-296881-2.jpeg\" alt=\"\" class=\"wp-image-581\" style=\"object-fit:cover;width:1200px;height:300px\" srcset=\"https:\/\/www.fundaciopimec.org\/wp-content\/uploads\/pexels-photo-296881-2.jpeg 840w, https:\/\/www.fundaciopimec.org\/wp-content\/uploads\/pexels-photo-296881-2-300x165.jpeg 300w, https:\/\/www.fundaciopimec.org\/wp-content\/uploads\/pexels-photo-296881-2-768x423.jpeg 768w\" sizes=\"auto, (max-width: 840px) 100vw, 840px\" \/><\/figure>\n<\/div>\n<\/div>\n\n\n\n<h3 class=\"wp-block-heading has-text-color\" style=\"color:#5c6183\">Solidaridad empresarial<\/h3>\n\n\n\n<div class=\"wp-block-columns is-layout-flex wp-container-core-columns-is-layout-2 wp-block-columns-is-layout-flex\">\n<div class=\"wp-block-column is-layout-flow wp-block-column-is-layout-flow\">\n<p>Ponemos de relieve la dimensi\u00f3n social de hacer empresa y el compromiso de la empresa, de las empresarias y empresarios con el conjunto de la sociedad. Un compromiso de apoyo de actividades que sensibilicen, fomenten la solidaridad y la participaci\u00f3n social de las pymes en la construcci\u00f3n de un mundo empresarial m\u00e1s solidario y sostenible, que genere beneficios sociales para quienes m\u00e1s lo necesitan. Por eso como\u00a0persona madrina o empresa madrina\u00a0puedes colaborar por las siguientes v\u00edas:<\/p>\n\n\n\n<p>Para conseguirlo:<\/p>\n\n\n\n<ul class=\"wp-block-list\">\n<li>Apadrinamiento de la Noche Solidaria de los Premios Pymes <\/li>\n\n\n\n<li>Voluntariado empresarial solidario <\/li>\n\n\n\n<li>Apadrinamiento de actos y programas sociales <\/li>\n\n\n\n<li>Haciendo una donaci\u00f3n: Navidad Solidaria o donaci\u00f3n de productos<\/li>\n<\/ul>\n<\/div>\n<\/div>\n\n\n\n<div class=\"wp-block-columns is-layout-flex wp-container-core-columns-is-layout-3 wp-block-columns-is-layout-flex\">\n<div class=\"wp-block-column is-layout-flow wp-block-column-is-layout-flow\">\n<p>\u00bfQuieres colaborar?<\/p>\n<\/div>\n\n\n\n<div class=\"wp-block-column is-layout-flow wp-block-column-is-layout-flow\">\n<div class=\"wp-block-buttons is-layout-flex wp-block-buttons-is-layout-flex\">\n<div class=\"wp-block-button\"><a class=\"wp-block-button__link wp-element-button\" href=\"http:\/\/www.fundaciopimec.org\/col%C2%B7labora\/\">M\u00e1s informaci\u00f3n<\/a><\/div>\n<\/div>\n<\/div>\n<\/div>\n\n\n\n<div style=\"height:28px\" aria-hidden=\"true\" class=\"wp-block-spacer\"><\/div>\n\n\n\n<div class=\"wp-block-columns is-layout-flex wp-container-core-columns-is-layout-4 wp-block-columns-is-layout-flex\">\n<div class=\"wp-block-column is-layout-flow wp-block-column-is-layout-flow\" style=\"flex-basis:70%\">\n<figure class=\"wp-block-embed is-type-video is-provider-youtube wp-block-embed-youtube wp-embed-aspect-16-9 wp-has-aspect-ratio\"><div class=\"wp-block-embed__wrapper\">\n<iframe loading=\"lazy\" title=\"fund\" width=\"500\" height=\"281\" src=\"https:\/\/www.youtube.com\/embed\/oC1pYy9o6LQ?feature=oembed\" frameborder=\"0\" allow=\"accelerometer; autoplay; clipboard-write; encrypted-media; gyroscope; picture-in-picture; web-share\" referrerpolicy=\"strict-origin-when-cross-origin\" allowfullscreen><\/iframe>\n<\/div><\/figure>\n<\/div>\n<\/div>\n\n\n\n<figure class=\"wp-block-image size-full is-resized\"><img loading=\"lazy\" decoding=\"async\" width=\"595\" height=\"842\" src=\"http:\/\/www.fundaciopimec.org\/wp-content\/uploads\/cat-cartell-nadal-solidari_2021_1_1-2.jpg\" alt=\"\" class=\"wp-image-583\" style=\"width:853px;height:1207px\" srcset=\"https:\/\/www.fundaciopimec.org\/wp-content\/uploads\/cat-cartell-nadal-solidari_2021_1_1-2.jpg 595w, https:\/\/www.fundaciopimec.org\/wp-content\/uploads\/cat-cartell-nadal-solidari_2021_1_1-2-212x300.jpg 212w\" sizes=\"auto, (max-width: 595px) 100vw, 595px\" \/><\/figure>\n","protected":false},"excerpt":{"rendered":"<p>Solidaridad empresarial Ponemos de relieve la dimensi\u00f3n social de hacer empresa y el compromiso de la empresa, de las empresarias y empresarios con el conjunto de la sociedad. Un compromiso de apoyo de actividades que sensibilicen, fomenten la solidaridad y la participaci\u00f3n social de las pymes en la construcci\u00f3n de un mundo empresarial m\u00e1s solidario [&hellip;]<\/p>\n","protected":false},"author":8,"featured_media":1551,"parent":2281,"menu_order":4,"comment_status":"closed","ping_status":"closed","template":"","meta":{"_editorskit_title_hidden":false,"_editorskit_reading_time":0,"_editorskit_is_block_options_detached":false,"_editorskit_block_options_position":"{}","footnotes":""},"class_list":["post-2350","page","type-page","status-publish","has-post-thumbnail","hentry"],"yoast_head":"<!-- This site is optimized with the Yoast SEO plugin v21.5 - https:\/\/yoast.com\/wordpress\/plugins\/seo\/ -->\n<title>Solidaridad empresarial - Fundaci\u00f3 PIMEC<\/title>\n<meta name=\"robots\" content=\"index, follow, max-snippet:-1, max-image-preview:large, max-video-preview:-1\" \/>\n<link rel=\"canonical\" href=\"https:\/\/www.fundaciopimec.org\/es\/que-hacemos\/solidaridad-empresarial\/\" \/>\n<meta property=\"og:locale\" content=\"es_ES\" \/>\n<meta property=\"og:type\" content=\"article\" \/>\n<meta property=\"og:title\" content=\"Solidaridad empresarial - Fundaci\u00f3 PIMEC\" \/>\n<meta property=\"og:description\" content=\"Solidaridad empresarial Ponemos de relieve la dimensi\u00f3n social de hacer empresa y el compromiso de la empresa, de las empresarias y empresarios con el conjunto de la sociedad. Un compromiso de apoyo de actividades que sensibilicen, fomenten la solidaridad y la participaci\u00f3n social de las pymes en la construcci\u00f3n de un mundo empresarial m\u00e1s solidario [&hellip;]\" \/>\n<meta property=\"og:url\" content=\"https:\/\/www.fundaciopimec.org\/es\/que-hacemos\/solidaridad-empresarial\/\" \/>\n<meta property=\"og:site_name\" content=\"Fundaci\u00f3 PIMEC\" \/>\n<meta property=\"article:modified_time\" content=\"2023-12-22T10:40:41+00:00\" \/>\n<meta property=\"og:image\" content=\"https:\/\/www.fundaciopimec.org\/wp-content\/uploads\/pexels-photo-296881-1.jpeg\" \/>\n\t<meta property=\"og:image:width\" content=\"840\" \/>\n\t<meta property=\"og:image:height\" content=\"463\" \/>\n\t<meta property=\"og:image:type\" content=\"image\/jpeg\" \/>\n<meta name=\"twitter:card\" content=\"summary_large_image\" \/>\n<meta name=\"twitter:label1\" content=\"Tiempo de lectura\" \/>\n\t<meta name=\"twitter:data1\" content=\"2 minutos\" \/>\n<script type=\"application\/ld+json\" class=\"yoast-schema-graph\">{\"@context\":\"https:\/\/schema.org\",\"@graph\":[{\"@type\":\"WebPage\",\"@id\":\"https:\/\/www.fundaciopimec.org\/es\/que-hacemos\/solidaridad-empresarial\/\",\"url\":\"https:\/\/www.fundaciopimec.org\/es\/que-hacemos\/solidaridad-empresarial\/\",\"name\":\"Solidaridad empresarial - Fundaci\u00f3 PIMEC\",\"isPartOf\":{\"@id\":\"https:\/\/www.fundaciopimec.org\/es\/#website\"},\"datePublished\":\"2023-08-22T13:35:32+00:00\",\"dateModified\":\"2023-12-22T10:40:41+00:00\",\"breadcrumb\":{\"@id\":\"https:\/\/www.fundaciopimec.org\/es\/que-hacemos\/solidaridad-empresarial\/#breadcrumb\"},\"inLanguage\":\"es\",\"potentialAction\":[{\"@type\":\"ReadAction\",\"target\":[\"https:\/\/www.fundaciopimec.org\/es\/que-hacemos\/solidaridad-empresarial\/\"]}]},{\"@type\":\"BreadcrumbList\",\"@id\":\"https:\/\/www.fundaciopimec.org\/es\/que-hacemos\/solidaridad-empresarial\/#breadcrumb\",\"itemListElement\":[{\"@type\":\"ListItem\",\"position\":1,\"name\":\"Portada\",\"item\":\"https:\/\/www.fundaciopimec.org\/es\/\"},{\"@type\":\"ListItem\",\"position\":2,\"name\":\"Qu\u00e9 hacemos\",\"item\":\"https:\/\/www.fundaciopimec.org\/es\/que-hacemos\/\"},{\"@type\":\"ListItem\",\"position\":3,\"name\":\"Solidaridad empresarial\"}]},{\"@type\":\"WebSite\",\"@id\":\"https:\/\/www.fundaciopimec.org\/es\/#website\",\"url\":\"https:\/\/www.fundaciopimec.org\/es\/\",\"name\":\"Fundaci\u00f3 PIMEC\",\"description\":\"Fundaci\u00f3n PIMEC. Hacia una nueva forma de hacer y ser empresa. Apoyo personal y empresarial. Integraci\u00f3n y diversidad. Empresa y compromiso comunitario.\",\"publisher\":{\"@id\":\"https:\/\/www.fundaciopimec.org\/es\/#organization\"},\"potentialAction\":[{\"@type\":\"SearchAction\",\"target\":{\"@type\":\"EntryPoint\",\"urlTemplate\":\"https:\/\/www.fundaciopimec.org\/es\/?s={search_term_string}\"},\"query-input\":\"required name=search_term_string\"}],\"inLanguage\":\"es\"},{\"@type\":\"Organization\",\"@id\":\"https:\/\/www.fundaciopimec.org\/es\/#organization\",\"name\":\"Fundaci\u00f3 PIMEC\",\"url\":\"https:\/\/www.fundaciopimec.org\/es\/\",\"logo\":{\"@type\":\"ImageObject\",\"inLanguage\":\"es\",\"@id\":\"https:\/\/www.fundaciopimec.org\/es\/#\/schema\/logo\/image\/\",\"url\":\"https:\/\/www.fundaciopimec.org\/wp-content\/uploads\/Fundacio-Pimec.png\",\"contentUrl\":\"https:\/\/www.fundaciopimec.org\/wp-content\/uploads\/Fundacio-Pimec.png\",\"width\":1459,\"height\":199,\"caption\":\"Fundaci\u00f3 PIMEC\"},\"image\":{\"@id\":\"https:\/\/www.fundaciopimec.org\/es\/#\/schema\/logo\/image\/\"}}]}<\/script>\n<!-- \/ Yoast SEO plugin. -->","yoast_head_json":{"title":"Solidaridad empresarial - Fundaci\u00f3 PIMEC","robots":{"index":"index","follow":"follow","max-snippet":"max-snippet:-1","max-image-preview":"max-image-preview:large","max-video-preview":"max-video-preview:-1"},"canonical":"https:\/\/www.fundaciopimec.org\/es\/que-hacemos\/solidaridad-empresarial\/","og_locale":"es_ES","og_type":"article","og_title":"Solidaridad empresarial - Fundaci\u00f3 PIMEC","og_description":"Solidaridad empresarial Ponemos de relieve la dimensi\u00f3n social de hacer empresa y el compromiso de la empresa, de las empresarias y empresarios con el conjunto de la sociedad. Un compromiso de apoyo de actividades que sensibilicen, fomenten la solidaridad y la participaci\u00f3n social de las pymes en la construcci\u00f3n de un mundo empresarial m\u00e1s solidario [&hellip;]","og_url":"https:\/\/www.fundaciopimec.org\/es\/que-hacemos\/solidaridad-empresarial\/","og_site_name":"Fundaci\u00f3 PIMEC","article_modified_time":"2023-12-22T10:40:41+00:00","og_image":[{"width":840,"height":463,"url":"https:\/\/www.fundaciopimec.org\/wp-content\/uploads\/pexels-photo-296881-1.jpeg","type":"image\/jpeg"}],"twitter_card":"summary_large_image","twitter_misc":{"Tiempo de lectura":"2 minutos"},"schema":{"@context":"https:\/\/schema.org","@graph":[{"@type":"WebPage","@id":"https:\/\/www.fundaciopimec.org\/es\/que-hacemos\/solidaridad-empresarial\/","url":"https:\/\/www.fundaciopimec.org\/es\/que-hacemos\/solidaridad-empresarial\/","name":"Solidaridad empresarial - Fundaci\u00f3 PIMEC","isPartOf":{"@id":"https:\/\/www.fundaciopimec.org\/es\/#website"},"datePublished":"2023-08-22T13:35:32+00:00","dateModified":"2023-12-22T10:40:41+00:00","breadcrumb":{"@id":"https:\/\/www.fundaciopimec.org\/es\/que-hacemos\/solidaridad-empresarial\/#breadcrumb"},"inLanguage":"es","potentialAction":[{"@type":"ReadAction","target":["https:\/\/www.fundaciopimec.org\/es\/que-hacemos\/solidaridad-empresarial\/"]}]},{"@type":"BreadcrumbList","@id":"https:\/\/www.fundaciopimec.org\/es\/que-hacemos\/solidaridad-empresarial\/#breadcrumb","itemListElement":[{"@type":"ListItem","position":1,"name":"Portada","item":"https:\/\/www.fundaciopimec.org\/es\/"},{"@type":"ListItem","position":2,"name":"Qu\u00e9 hacemos","item":"https:\/\/www.fundaciopimec.org\/es\/que-hacemos\/"},{"@type":"ListItem","position":3,"name":"Solidaridad empresarial"}]},{"@type":"WebSite","@id":"https:\/\/www.fundaciopimec.org\/es\/#website","url":"https:\/\/www.fundaciopimec.org\/es\/","name":"Fundaci\u00f3 PIMEC","description":"Fundaci\u00f3n PIMEC. Hacia una nueva forma de hacer y ser empresa. Apoyo personal y empresarial. Integraci\u00f3n y diversidad. Empresa y compromiso comunitario.","publisher":{"@id":"https:\/\/www.fundaciopimec.org\/es\/#organization"},"potentialAction":[{"@type":"SearchAction","target":{"@type":"EntryPoint","urlTemplate":"https:\/\/www.fundaciopimec.org\/es\/?s={search_term_string}"},"query-input":"required name=search_term_string"}],"inLanguage":"es"},{"@type":"Organization","@id":"https:\/\/www.fundaciopimec.org\/es\/#organization","name":"Fundaci\u00f3 PIMEC","url":"https:\/\/www.fundaciopimec.org\/es\/","logo":{"@type":"ImageObject","inLanguage":"es","@id":"https:\/\/www.fundaciopimec.org\/es\/#\/schema\/logo\/image\/","url":"https:\/\/www.fundaciopimec.org\/wp-content\/uploads\/Fundacio-Pimec.png","contentUrl":"https:\/\/www.fundaciopimec.org\/wp-content\/uploads\/Fundacio-Pimec.png","width":1459,"height":199,"caption":"Fundaci\u00f3 PIMEC"},"image":{"@id":"https:\/\/www.fundaciopimec.org\/es\/#\/schema\/logo\/image\/"}}]}},"_links":{"self":[{"href":"https:\/\/www.fundaciopimec.org\/es\/wp-json\/wp\/v2\/pages\/2350","targetHints":{"allow":["GET"]}}],"collection":[{"href":"https:\/\/www.fundaciopimec.org\/es\/wp-json\/wp\/v2\/pages"}],"about":[{"href":"https:\/\/www.fundaciopimec.org\/es\/wp-json\/wp\/v2\/types\/page"}],"author":[{"embeddable":true,"href":"https:\/\/www.fundaciopimec.org\/es\/wp-json\/wp\/v2\/users\/8"}],"replies":[{"embeddable":true,"href":"https:\/\/www.fundaciopimec.org\/es\/wp-json\/wp\/v2\/comments?post=2350"}],"version-history":[{"count":2,"href":"https:\/\/www.fundaciopimec.org\/es\/wp-json\/wp\/v2\/pages\/2350\/revisions"}],"predecessor-version":[{"id":2522,"href":"https:\/\/www.fundaciopimec.org\/es\/wp-json\/wp\/v2\/pages\/2350\/revisions\/2522"}],"up":[{"embeddable":true,"href":"https:\/\/www.fundaciopimec.org\/es\/wp-json\/wp\/v2\/pages\/2281"}],"wp:featuredmedia":[{"embeddable":true,"href":"https:\/\/www.fundaciopimec.org\/es\/wp-json\/wp\/v2\/media\/1551"}],"wp:attachment":[{"href":"https:\/\/www.fundaciopimec.org\/es\/wp-json\/wp\/v2\/media?parent=2350"}],"curies":[{"name":"wp","href":"https:\/\/api.w.org\/{rel}","templated":true}]}}